{"id":1125,"date":"2019-07-22T17:32:29","date_gmt":"2019-07-22T20:32:29","guid":{"rendered":"https:\/\/www.jcbaglietto.com.ar\/?page_id=1125"},"modified":"2019-09-05T15:14:11","modified_gmt":"2019-09-05T18:14:11","slug":"juan","status":"publish","type":"page","link":"https:\/\/www.jcbaglietto.com.ar\/?page_id=1125","title":{"rendered":"Juan"},"content":{"rendered":"<p>[et_pb_section fb_built=\u00bb1&#8243; admin_label=\u00bbsection\u00bb _builder_version=\u00bb3.19.9&#8243; background_color=\u00bbrgba(255,255,255,0)\u00bb background_image=\u00bbhttps:\/\/www.jcbaglietto.com.ar\/wp-content\/uploads\/2019\/06\/juan23.jpg\u00bb background_blend=\u00bbmultiply\u00bb custom_padding=\u00bb54px|0px|413px|0px|false|false\u00bb top_divider_arrangement=\u00bbabove_content\u00bb transparent_background=\u00bbon\u00bb][\/et_pb_section][et_pb_section fb_built=\u00bb1&#8243; _builder_version=\u00bb3.0.74&#8243; background_color=\u00bb#02152b\u00bb custom_padding=\u00bb1px|0|38px|0px|false|false\u00bb transparent_background=\u00bboff\u00bb][et_pb_row use_custom_width=\u00bbon\u00bb custom_width_px=\u00bb2600px\u00bb custom_padding=\u00bb27px|0px|0px|0px|false|false\u00bb _builder_version=\u00bb3.0.48&#8243; background_size=\u00bbinitial\u00bb background_position=\u00bbtop_left\u00bb background_repeat=\u00bbrepeat\u00bb][et_pb_column type=\u00bb4_4&#8243; _builder_version=\u00bb3.0.47&#8243; parallax=\u00bboff\u00bb parallax_method=\u00bbon\u00bb][et_pb_text _builder_version=\u00bb3.0.87&#8243; background_size=\u00bbinitial\u00bb background_position=\u00bbtop_left\u00bb background_repeat=\u00bbrepeat\u00bb background_layout=\u00bbdark\u00bb use_border_color=\u00bboff\u00bb border_style=\u00bbsolid\u00bb inline_fonts=\u00bbMontserrat\u00bb]<\/p>\n<h1><span style=\"font-family: Montserrat; font-weight: normal; font-size: xx-large;\">Juan<\/span><\/h1>\n<p>[\/et_pb_text][\/et_pb_column][\/et_pb_row][\/et_pb_section][et_pb_section fb_built=\u00bb1&#8243; _builder_version=\u00bb3.19.9&#8243; background_color=\u00bb#000b19&#8243; custom_padding=\u00bb54px|0px|0|0px|false|false\u00bb][et_pb_row use_custom_width=\u00bbon\u00bb width_unit=\u00bboff\u00bb custom_width_percent=\u00bb100%\u00bb custom_padding=\u00bb27px|0px|0|0px|false|false\u00bb custom_margin=\u00bb-81px||\u00bb _builder_version=\u00bb3.19.9&#8243;][et_pb_column type=\u00bb1_2&#8243; _builder_version=\u00bb3.19.9&#8243; parallax=\u00bboff\u00bb parallax_method=\u00bbon\u00bb][et_pb_image src=\u00bbhttps:\/\/www.jcbaglietto.com.ar\/wp-content\/uploads\/2019\/07\/2000.png\u00bb _builder_version=\u00bb3.19.9&#8243; filter_opacity=\u00bb6%\u00bb mix_blend_mode=\u00bbmultiply\u00bb][\/et_pb_image][et_pb_text _builder_version=\u00bb3.19.9&#8243; text_font=\u00bb||||||||\u00bb text_font_size_phone=\u00bb18px\u00bb text_font_size_last_edited=\u00bbon|desktop\u00bb text_line_height=\u00bb1.8em\u00bb custom_margin=\u00bb-400px|0px||0px\u00bb custom_margin_phone=\u00bb-275px||\u00bb custom_margin_last_edited=\u00bbon|desktop\u00bb custom_padding=\u00bb0px|45px||45px\u00bb]<\/p>\n<h2 style=\"text-align: left;\"><span style=\"font-size: x-large;\"><span style=\"color: #ffffff;\"><em>2000<\/em><\/span><\/span><\/h2>\n<p style=\"text-align: left;\"><span style=\"color: #ffffff;\">\u00abPostales del alma\u00bb del d\u00fao <em>Baglietto &#8211; Vitale<\/em> es distinguido con el premio Grammy Latino al Mejor \u00e1lbum de Tango, el premio lo entregan en septiembre en Los \u00c1ngeles, pero el d\u00fao no viaja a recibirlo ya que esa misma noche estaban partiendo hacia una nueva gira por el interior del pa\u00eds. Una semana despu\u00e9s viajan a Londres, para presentarse en el Barbican Centre, junto a otros artistas argentinos.<\/span><\/p>\n<p style=\"text-align: left;\"><span style=\"color: #ffffff;\">A lo largo de todo el a\u00f1o visitan las siguientes ciudades: Campana, Mar del Plata (Teatro Auditorium &#8211; en dos oportunidades &#8211; y Villa Victoria), Santa Teresita, Necochea, Villa Gesell, Neuqu\u00e9n, Carlos Paz, Mina Clavero, La Cumbre, Anfiteatro de Mataderos (en dos oportunidades), Quilmes, Country Banco Provincia, Conrad (Punta del Este), Montevideo, Pehuaj\u00f3, Chivilcoy, Concepcion (Tucuman), Santiago del Estero, Catamarca, San Miguel de Tucuman, Salta, Jujuy, Escobar, San Nicolas, Club Lagartos, R\u00edo IV, Villa Maria, Avellaneda, Bernal, Santa Fe, C\u00f3rdoba (El Colono), San Francisco, Rafaela, Luj\u00e1n, La Trastienda (en tres oportunidades), Mar del Plata (La Subasta), Merlo, Mercedes, Lomas de Zamora, Comodoro Rivadavia, Puerto Madryn, Trelew, Bah\u00eda Blanca, Club Hebraica, Rosario, (Teatro Astengo), Venado Tuerto, Santa Rosa, Neuqu\u00e9n, Bariloche, San Mart\u00edn de los Andes, Pergamino, Tandil, Resistencia, Corrientes, Mendoza, Villa Mercedes, San Juan, San Pedro, Carmen de Areco, Balcarce, Azul, Centro Cultural Recoleta, C\u00f3rdoba (Sala de las Am\u00e9ricas; se realiza una nueva presentaci\u00f3n del espect\u00e1culo \u00abEl Grito Sagrado\u00bb en Mendoza. Reciben el Premio \u00abEstrella de Mar\u00bb en el rubro mejor grupo musical.<\/span><\/p>\n<p style=\"text-align: left;\"><span style=\"color: #ffffff;\">Publican un nuevo CD, \u00abNo Olvides&#8230;\u00bb, grabado en vivo y lo presentan el 1 y 2 de diciembre en el Teatro Opera.<\/span><\/p>\n<p style=\"text-align: left;\">\n<h2 style=\"text-align: left;\"><span style=\"color: #ffffff;\"><em>2001<\/em><\/span><\/h2>\n<p style=\"text-align: left;\"><span style=\"color: #ffffff;\">Desde que en enero de 1999, Juan Carlos Baglietto, comenzar\u00e1 a trabajar con Lito Vitale, el d\u00fao por primera vez enfrenta el desaf\u00edo de trabajar con material in\u00e9dito. El disco que estar\u00e1 en la calle en d\u00edas m\u00e1s incluye temas nunca grabados anteriormente, de autores como Adri\u00e1n Abonizio, Jorge Fandermole, Roque Narvaja. Tambi\u00e9n hay temas propios : \u00abMalas Palabras\u00bb el tema que abre el disco tiene letra de Baglietto y m\u00fasica de Vitale y Gonzalez, aires renovados en tiempos dif\u00edciles.<\/span><\/p>\n<p style=\"text-align: left;\"><span style=\"color: #ffffff;\">El d\u00fao que se consolid\u00f3 en a\u00f1os anteriores como uno de los grupos m\u00e1s exitosos de la actualidad, presenta un nuevo CD, que desde su nombre, no pasar\u00e1 inadvertido.<\/span><\/p>\n<p style=\"text-align: left;\"><span style=\"color: #ffffff;\">En tres a\u00f1os llevan realizados<\/span><\/p>\n<p style=\"text-align: left;\"><span style=\"color: #ffffff;\">\u2022 230 Shows durante la gira 99-2001<\/span><br \/><span style=\"color: #ffffff;\"><span style=\"font-size: 14px;\">\u2022 102.000 kms. recorridos<br \/><\/span><span style=\"font-size: 14px;\">\u2022 260.000 personas vieron sus conciertos<\/span><span style=\"font-size: 14px;\">\u00a0<\/span><\/span><\/p>\n<p style=\"text-align: left;\"><span style=\"color: #ffffff;\">2 Giras Solidarias realizadas por 31 ciudades, donando la suma de 227.000 $ a las escuelas beneficiadas.<\/span><\/p>\n<p style=\"text-align: left;\"><span style=\"color: #ffffff;\">En el 2001, el d\u00fao realiz\u00f3 shows por distintos lugares del pa\u00eds, destac\u00e1ndose el show de Parque Sarmiento, junto a Fito P\u00e1ez, ante 120.000 personas y en la Fiesta de la Vendimia en Mendoza ante 28.000. Actuaron tambi\u00e9n en : Salta, Tucuman, Jujuy, Santiago del Estero, Mar del Plata, Villa Gesell, C\u00f3rdoba, Carlos Paz, Alta Gracia, R\u00edo III, Villa Gral. Belgrano, Cipolletti, Zapala, Villa La Angostura, Santa Fe, Parana, entre otras ciudades.<\/span><\/p>\n<p>[\/et_pb_text][\/et_pb_column][et_pb_column type=\u00bb1_2&#8243; _builder_version=\u00bb3.19.9&#8243; parallax=\u00bboff\u00bb parallax_method=\u00bbon\u00bb][et_pb_image src=\u00bbhttps:\/\/www.jcbaglietto.com.ar\/wp-content\/uploads\/2019\/07\/juan2000-1.jpg\u00bb alt=\u00bb1000&#8243; align=\u00bbcenter\u00bb force_fullwidth=\u00bbon\u00bb _builder_version=\u00bb3.19.9&#8243; animation_style=\u00bbfade\u00bb][\/et_pb_image][\/et_pb_column][\/et_pb_row][\/et_pb_section][et_pb_section fb_built=\u00bb1&#8243; _builder_version=\u00bb3.19.9&#8243; background_color=\u00bb#000b19&#8243; custom_padding=\u00bb54px|0px|0|0px|false|false\u00bb][et_pb_row use_custom_width=\u00bbon\u00bb width_unit=\u00bboff\u00bb custom_width_percent=\u00bb100%\u00bb custom_padding=\u00bb27px|0px|0|0px|false|false\u00bb custom_margin=\u00bb-81px||\u00bb _builder_version=\u00bb3.19.9&#8243;][et_pb_column type=\u00bb1_2&#8243; _builder_version=\u00bb3.19.9&#8243; parallax=\u00bboff\u00bb parallax_method=\u00bbon\u00bb][et_pb_image src=\u00bbhttps:\/\/www.jcbaglietto.com.ar\/wp-content\/uploads\/2019\/07\/1990.png\u00bb _builder_version=\u00bb3.19.9&#8243; filter_opacity=\u00bb6%\u00bb mix_blend_mode=\u00bbmultiply\u00bb][\/et_pb_image][et_pb_text _builder_version=\u00bb3.19.9&#8243; text_font=\u00bb||||||||\u00bb text_font_size_phone=\u00bb18px\u00bb text_font_size_last_edited=\u00bbon|desktop\u00bb text_line_height=\u00bb1.8em\u00bb custom_margin=\u00bb-400px|0px||0px\u00bb custom_margin_phone=\u00bb-275px||\u00bb custom_margin_last_edited=\u00bbon|desktop\u00bb custom_padding=\u00bb0px|45px||45px\u00bb]<\/p>\n<h2 style=\"text-align: justify;\"><span style=\"font-size: x-large; color: #ffffff;\"><em>1990<\/em><\/span><\/h2>\n<p><span style=\"color: #ffffff;\">El \u00e9xito de este disco, los lleva a prolongar las actuaciones, esta vez con una gira por todo el pa\u00eds, que los ocupa por varios meses.<\/span><\/p>\n<p><span style=\"color: #ffffff;\">Graba \u00abAy\u00fadame a mirar\u00bb, desarma la banda que lo ven\u00eda acompa\u00f1ando con algunos cambios desde sus comienzo y arma un grupo compuesto por 3 guitarras y percusi\u00f3n. Lo presenta el 17, 18 y 19 de agosto en el Teatro Opera. La puesta en escena muestra una banda totalmente ac\u00fastica sobre un fondo de tres pantallas con slides que \u00abcambian\u00bb la escenograf\u00eda tema a tema. Realiza una gira por Ushuaia, Rio Grande, Rio Gallegos, Comodoro Rivadavia, Viedma, Bah\u00eda Blanca y Santa Rosa presentando este espect\u00e1culo, igual al que se vi\u00f3 en Buenos Aires.<\/span><\/p>\n<p><span style=\"color: #ffffff;\">\u00a0<\/span><\/p>\n<h2><em><span style=\"color: #ffffff;\">1991<\/span><\/em><\/h2>\n<p><span style=\"color: #ffffff;\">P\u00fablica \u00abPostales de este lado del mundo\u00bb producido por Lito Vitale. Rinden homenaje a la m\u00fasica argentina y sus creadores. Las postales m\u00e1s representativas de nuestro pa\u00eds. Lo presenta en el teatro Opera, junto al cuarteto de Lito Vitale el 19, 20 y 21 de diciembre.<\/span><\/p>\n<p><span style=\"color: #ffffff;\">\u00a0<\/span><\/p>\n<h2><em><span style=\"color: #ffffff;\">1992<\/span><\/em><\/h2>\n<p><span style=\"color: #ffffff;\">Se presenta en el Festival de Cosqu\u00edn. En junio viaja con su banda a Espa\u00f1a a presentarse en la Exposici\u00f3n mundial de Sevilla, Expo Sevilla \u201992 en representaci\u00f3n de la Argentina junto a otros artistas. A su regreso se presenta en C\u00f3rdoba, Rosario y La Plata. Nuevos cambios en su banda, se van Pollo Raffo y Marco Pusineri y llegan Claudio Cardone y Marcelo Novatti<\/span><\/p>\n<p><span style=\"color: #ffffff;\">\u00a0<\/span><\/p>\n<h2><em><span style=\"color: #ffffff;\">1993<\/span><\/em><\/h2>\n<p><span style=\"color: #ffffff;\">Se presenta en el Festival de Cosqu\u00edn. En junio act\u00faa en Rosario junto a la Orquesta Sinf\u00f3nica Provincial, con arreglos de Leo Sujatovich. El 21 de Setiembre se presenta en Mendoza junto a Silvina Garr\u00e9, en la Plaza Independencia ante mas de 20.000 personas. Viaja a Los \u00c1ngeles para grabar un nuevo CD, es el primero realizado fuera del pa\u00eds. Publica \u00abCoraz\u00f3n de Barco\u00bb, a los pocos meses realizando una actuaci\u00f3n en Tucuman ante 15.000 personas, se cae del escenario y se fractura la mand\u00edbula. Despu\u00e9s de una operaci\u00f3n permanece 2 meses sin poder abrir la boca y sin poder cantar por mas de 5. El 17 de octubre de 1993 publica en Pagina\/12 su versi\u00f3n de lo que estaba viviendo en ese momento. Gana el premio ACE, como solista pop por su CD \u00abCoraz\u00f3n de Barco\u00bb Se presenta en el Teatro General San Mart\u00edn dentro del ciclo de \u00abCl\u00e1sicos Populares\u00bb. Act\u00faa en los Festejos por los \u00ab10 A\u00f1os de democracia\u00bb junto a otros artistas con un show multitudinario en la Av. 9 de Julio.<\/span><\/p>\n<p><span style=\"color: #ffffff;\">\u00a0<\/span><\/p>\n<h2><em><span style=\"color: #ffffff;\">1994<\/span><\/em><\/h2>\n<p><span style=\"color: #ffffff;\">Se presenta en el Festival de Cosqu\u00edn, tiene junto a otros artistas, un altercado con Guaran\u00ed. Es declarado Ciudadano Ilustre de la ciudad de Rosario. Se presenta en el Teatro General San Mart\u00edn en los festejos por los 50 A\u00f1os del teatro. Presenta \u00abCoraz\u00f3n de Barco\u00bb en C\u00f3rdoba, Rosario, Mar del Plata, Santa Rosa, Neuqu\u00e9n y Comodoro Rivadavia. Toca junto a su banda en el Monumento a la Bandera de Rosario convocando a una verdadera multitud.<\/span><\/p>\n<p>[\/et_pb_text][\/et_pb_column][et_pb_column type=\u00bb1_2&#8243; _builder_version=\u00bb3.19.9&#8243; parallax=\u00bboff\u00bb parallax_method=\u00bbon\u00bb][et_pb_image src=\u00bbhttps:\/\/www.jcbaglietto.com.ar\/wp-content\/uploads\/2019\/07\/juan1990.jpg\u00bb alt=\u00bb1000&#8243; align=\u00bbcenter\u00bb force_fullwidth=\u00bbon\u00bb _builder_version=\u00bb3.19.9&#8243; animation_style=\u00bbfade\u00bb][\/et_pb_image][\/et_pb_column][\/et_pb_row][\/et_pb_section][et_pb_section fb_built=\u00bb1&#8243; _builder_version=\u00bb3.19.9&#8243; background_color=\u00bb#000b19&#8243; custom_padding=\u00bb54px|0px|0|0px|false|false\u00bb][et_pb_row use_custom_width=\u00bbon\u00bb width_unit=\u00bboff\u00bb custom_width_percent=\u00bb100%\u00bb custom_padding=\u00bb27px|0px|0|0px|false|false\u00bb custom_margin=\u00bb-81px||\u00bb _builder_version=\u00bb3.19.9&#8243;][et_pb_column type=\u00bb1_2&#8243; _builder_version=\u00bb3.19.9&#8243; parallax=\u00bboff\u00bb parallax_method=\u00bbon\u00bb][et_pb_image src=\u00bbhttps:\/\/www.jcbaglietto.com.ar\/wp-content\/uploads\/2019\/07\/1980.png\u00bb _builder_version=\u00bb3.19.9&#8243; filter_opacity=\u00bb6%\u00bb mix_blend_mode=\u00bbmultiply\u00bb][\/et_pb_image][et_pb_text _builder_version=\u00bb3.19.9&#8243; text_font=\u00bb||||||||\u00bb text_font_size_phone=\u00bb18px\u00bb text_font_size_last_edited=\u00bbon|desktop\u00bb text_line_height=\u00bb1.8em\u00bb custom_margin=\u00bb-400px|0px||0px\u00bb custom_margin_phone=\u00bb-275px||\u00bb custom_margin_last_edited=\u00bbon|desktop\u00bb custom_padding=\u00bb0px|45px||45px\u00bb]<\/p>\n<h2 style=\"text-align: justify;\"><span style=\"font-size: x-large; color: #ffffff;\"><em>1980 -1981<\/em><\/span><\/h2>\n<p><span style=\"color: #ffffff;\">Participa de una serie de conciertos con una banda integrada por: Fito P\u00e1ez (teclados), Silvina Garr\u00e9 (voz) y Zappo Aguilera (percusi\u00f3n). Lo \u00abdescubren\u00bb distintos productores de Buenos Aires y lo invitan a participar en el \u00abEncuentro de M\u00fasica Popular\u00bb, que organizado por la revista Humor, va realizarse en el Estadio Obras Sanitarias. Baglietto completa su banda incorporando a Rub\u00e9n Gold\u00edn (guitarras y voz), Sergio Sainz (bajo) y Marco Pusineri (bater\u00eda). El 7 de agosto se presentan en Obras sorprendiendo al p\u00fablico y a la cr\u00edtica con su calidad interpretativa, la fuerza de la banda y la excelencia de los temas, entre los que se destacan las composiciones de Fito Paez, Adrian Abonizio, Rub\u00e9n Gold\u00edn y Jorge Fandermole, todos rosarinos. Hacia fines de a\u00f1o, firma contrato con EMI-Ode\u00f3n y graba su primer \u00e1lbum. \u00abTiempos Dif\u00edciles\u00bb.<\/span><\/p>\n<p><span style=\"color: #ffffff;\">\u00a0<\/span><\/p>\n<h2><em><span style=\"color: #ffffff;\">1982<\/span><\/em><\/h2>\n<p><span style=\"color: #ffffff;\">Se publica \u00abTiempos Dif\u00edciles\u00bb, su primer LP, que sale a la venta en abril de 1982, alcanzando en solo un mes el disco de oro (30.000 copias). Es el primer artista en argentina que con un disco debut alcanza vender esta cifra. Participa en el 3er. Festival de Rock de La Falda. Se presenta el 14 de Mayo en el Estadio Obras. En agosto se publica en Chile \u00abTiempos Dif\u00edciles\u00bb. Sobre final de a\u00f1o se publica su segundo disco \u00abActuar para vivir\u00bb. Hoy \u00abTiempos Dif\u00edciles\u00bb lleva vendidas mas de 130.000 unidades.<\/span><\/p>\n<p><span style=\"color: #ffffff;\">\u00a0<\/span><\/p>\n<h2><em><span style=\"color: #ffffff;\">1983<\/span><\/em><\/h2>\n<p><span style=\"color: #ffffff;\">Fito P\u00e1ez y Silvina Garr\u00e9 dejan la banda. Se publica \u00abBaglietto\u00bb, su tercer LP. Regresa triunfal al Festival de La Falda. Paul McCartney despu\u00e9s de escuchar varios discos de m\u00fasica contempor\u00e1nea argentina dijo sobre Juan Carlos Baglietto: \u00ab&#8230;T\u00e9cnicamente no es ninguna maravilla, pero su voz es extremadamente interesante. Maneja un amplio espectro de tonalidades, &#8230; hay algo en su voz que traduce melancol\u00eda&#8230;\u00bb. Realiza una gira de Promoci\u00f3n por Chile -Act\u00faa en el Festival de Vi\u00f1a del Mar- y M\u00e9xico. Realiza un ciclo de conciertos en el Teatro Astral los d\u00edas 11,12,13,18,19 y 20 de noviembre.<\/span><\/p>\n<p>&nbsp;<\/p>\n<h2><em><span style=\"color: #ffffff;\">1984<\/span><\/em><\/h2>\n<p><span style=\"color: #ffffff;\">Se publica \u00abBaglietto &amp; Compa\u00f1ia\u00bb, mitad recopilaci\u00f3n y mitad de temas originales. Vuelve a presentarse en el Festival de Rock de La Falda. Viaja a Espa\u00f1a en una gira de promoci\u00f3n. Se une a Nito Mestre, Celeste Carballo y Oveja Negra. Juntos recorrer\u00e1n el pa\u00eds y Chile presentando \u00abPorque Cantamos\u00bb. La gira culmina en Buenos Aires, en el Teatro Coliseo, en donde se grab\u00f3 un disco en vivo que public\u00f3 el a\u00f1o siguiente el sello EMI.<br \/><\/span><span style=\"color: #ffffff; font-size: 14px;\">\u00a0<\/span><\/p>\n<h2><em><span style=\"color: #ffffff;\">1985<\/span><\/em><\/h2>\n<p><span style=\"color: #ffffff;\">Fito P\u00e1ez hab\u00eda estado tocando en la banda de Charly Garcia. En marzo se presentan, cada uno con su respectiva banda, en el Chateau Rock \u201885, en Cordoba. En junio acuerdan presentar juntos el material de sus \u00faltimos trabajos, hacen tres shows en el Estadio de Obras y otro en el estadio de Rosario Central. En la segunda mitad del a\u00f1o graba \u00abModelo Para Armar\u00bb, sale publicado este mismo a\u00f1o y lo presenta el 27, 28 y 29 de diciembre en el Teatro Opera. La escenograf\u00eda visti\u00f3 al toda la sala de un gran taller y Juan baja en una bicicleta colgada de un cable en el arranque del show.<\/span><\/p>\n<p>&nbsp;<\/p>\n<h2><em><span style=\"color: #ffffff;\">1986<\/span><\/em><\/h2>\n<p><span style=\"color: #ffffff;\">Se presenta en Barrancas de Belgrano en el ciclo de conciertos organizados por la Secretaria de Cultura de la Municipalidad convocando a cerca de 40.000 personas. Presenta en Obras sanitarias su nueva placa \u00abAcn\u00e9\u00bb con renovadas versiones de temas que ya forman parte de la historia del rock nacional. La puesta en escena muestra un Wincof\u00f3n gigante donde el plato hace las veces de tarima de m\u00fasicos y un rayo de l\u00e1ser dibuja un disco que cae al comienzo del show. Realiza una gira por varias ciudades del pa\u00eds : Rosario, Mar del Plata, C\u00f3rdoba, Catamarca, ante multitudes en estadios al aire libre. Antes de terminar el a\u00f1o graba y publica su 8vo. LP \u00abMami\u00bb.<\/span><\/p>\n<p>&nbsp;<\/p>\n<h2><em><span style=\"color: #ffffff;\">1987<\/span><\/em><\/h2>\n<p><span style=\"color: #ffffff;\">Realiza presentaciones por el interior del pa\u00eds presentando su placa \u00abMami\u00bb con marionetas gigantes, bailarinas y una impactante escenograf\u00eda. Prepara una gira latinoamericana con presentaciones en Cuba, Teatro Carlos Marx, junto a Fito P\u00e1ez, y otras en M\u00e9xico y Per\u00fa con su banda.<\/span><\/p>\n<p>&nbsp;<\/p>\n<h2><em><span style=\"color: #ffffff;\">1988<\/span><\/em><\/h2>\n<p><span style=\"color: #ffffff;\">Logra concretar el proyecto del estudio de grabaci\u00f3n propio. Produce \u00e1lbumes de Abonizio, Corradini-Campos, Anabel L\u00f3pez (hermana de Silvio Rodr\u00edguez) y de Tania Libertad y prepara demos propios. Viaja a la U.R.S.S. para representar a la Argentina en el Festival Mundial de la Juventud, junto a Le\u00f3n Gieco y Litto Nebbia, entre otros.<\/span><\/p>\n<p>&nbsp;<\/p>\n<h2><em><span style=\"color: #ffffff;\">1989<\/span><\/em><\/h2>\n<p><span style=\"color: #ffffff;\">Vuelve a tocar en el Chateau Rock. Viaja a Corea del Sur para representar a la Argentina el Festival Mundial de la Juventud. Realiza una gira por M\u00e9xico, Suecia y Holanda. Se presentan junto a Silvina Garr\u00e9 en el Teatro Opera, el \u00e9xito es total, realizan 7 funciones en este teatro y una semana despu\u00e9s se presentan en el Luna Park con entradas totalmente agotadas. Graban el disco: \u00abBaglietto-Garr\u00e9\u00bb<\/span><\/p>\n<p>[\/et_pb_text][\/et_pb_column][et_pb_column type=\u00bb1_2&#8243; _builder_version=\u00bb3.19.9&#8243; parallax=\u00bboff\u00bb parallax_method=\u00bbon\u00bb][et_pb_image src=\u00bbhttps:\/\/www.jcbaglietto.com.ar\/wp-content\/uploads\/2019\/07\/juan1980.jpg\u00bb alt=\u00bb1000&#8243; align=\u00bbcenter\u00bb force_fullwidth=\u00bbon\u00bb _builder_version=\u00bb3.19.9&#8243; animation_style=\u00bbfade\u00bb][\/et_pb_image][\/et_pb_column][\/et_pb_row][\/et_pb_section][et_pb_section fb_built=\u00bb1&#8243; _builder_version=\u00bb3.19.9&#8243; background_color=\u00bb#000b19&#8243; custom_padding=\u00bb54px|0px|0|0px|false|false\u00bb][et_pb_row use_custom_width=\u00bbon\u00bb width_unit=\u00bboff\u00bb custom_width_percent=\u00bb100%\u00bb custom_padding=\u00bb27px|0px|0|0px|false|false\u00bb custom_margin=\u00bb-81px||\u00bb _builder_version=\u00bb3.19.9&#8243;][et_pb_column type=\u00bb1_2&#8243; _builder_version=\u00bb3.19.9&#8243; parallax=\u00bboff\u00bb parallax_method=\u00bbon\u00bb][et_pb_image src=\u00bbhttps:\/\/www.jcbaglietto.com.ar\/wp-content\/uploads\/2019\/07\/1970.png\u00bb _builder_version=\u00bb3.19.9&#8243; filter_opacity=\u00bb6%\u00bb mix_blend_mode=\u00bbmultiply\u00bb][\/et_pb_image][et_pb_text _builder_version=\u00bb3.19.9&#8243; text_font=\u00bb||||||||\u00bb text_font_size_phone=\u00bb18px\u00bb text_font_size_last_edited=\u00bbon|desktop\u00bb text_line_height=\u00bb1.8em\u00bb custom_margin=\u00bb-400px|0px||0px\u00bb custom_margin_phone=\u00bb-275px||\u00bb custom_margin_last_edited=\u00bbon|desktop\u00bb custom_padding=\u00bb0px|45px||45px\u00bb]<\/p>\n<h2 style=\"text-align: justify;\"><span style=\"font-size: x-large; color: #ffffff;\"><em>1972<\/em><\/span><\/h2>\n<p><span style=\"color: #ffffff;\">Integra sus primeros grupos: \u00abVia Veneto\u00bb (covers), \u00abConfidencias\u00bb (proyecci\u00f3n folcl\u00f3rica). Paralelamente trabaja algunos a\u00f1os animando fiestas infantiles bajo el nombre de \u00abJuan Tol\u00f3n\u00bb. Bastante tiempo despu\u00e9s en un reportaje concedido al periodista Marcelo Figueras decia: \u00ab&#8230; de ellos -de los chicos- obtuve la desinhibici\u00f3n en el escenario, porque as\u00ed es como son, si les gusta, te matan a besos, si no les ca\u00e9s bien te escupen un ojo con la misma naturalidad&#8230;\u00bb<\/span><\/p>\n<p><span style=\"color: #ffffff;\">\u00a0<\/span><\/p>\n<h2><em><span style=\"color: #ffffff;\">1975<\/span><\/em><\/h2>\n<p><span style=\"color: #ffffff;\">Se suma a AMI (Asociaci\u00f3n de M\u00fasicos Independientes).<\/span><\/p>\n<p><span style=\"color: #ffffff;\">\u00a0<\/span><\/p>\n<h2><em><span style=\"color: #ffffff;\">1977 &#8211; 1979<\/span><\/em><\/h2>\n<p><span style=\"color: #ffffff;\">Forma \u00abIrreal\u00bb integrado por Daniel Wirtz (bateria), Sergio Sainz (bajo), Juan Chianelli (teclados), Pira\u00f1a Feg\u00fandez (percusi\u00f3n y flauta) y Beto Corradini (guitarra). En Agosto de 1979, se realiza en Tucum\u00e1n el 1er. \u00abEncuentro Nacional de Rock del Interior\u00bb. Toca Irreal (Rosario), junto a Redd (Tucuman) y Trig\u00e9mino (Buenos Aires). La banda se disuelve un mes antes de grabar su primer \u00e1lbum, en 1979.<\/span><\/p>\n<p>[\/et_pb_text][\/et_pb_column][et_pb_column type=\u00bb1_2&#8243; _builder_version=\u00bb3.19.9&#8243; parallax=\u00bboff\u00bb parallax_method=\u00bbon\u00bb][et_pb_image src=\u00bbhttps:\/\/www.jcbaglietto.com.ar\/wp-content\/uploads\/2019\/07\/juan1970.jpg\u00bb alt=\u00bb1000&#8243; align=\u00bbcenter\u00bb force_fullwidth=\u00bbon\u00bb _builder_version=\u00bb3.19.9&#8243; animation_style=\u00bbfade\u00bb][\/et_pb_image][\/et_pb_column][\/et_pb_row][\/et_pb_section][et_pb_section fb_built=\u00bb1&#8243; _builder_version=\u00bb3.19.9&#8243; background_color=\u00bb#212121&#8243; custom_padding=\u00bb0|0px|0|0px|false|false\u00bb global_module=\u00bb1403&#8243;][et_pb_row make_fullwidth=\u00bbon\u00bb use_custom_gutter=\u00bbon\u00bb gutter_width=\u00bb1&#8243; custom_padding=\u00bb27px|0|0|0px|false|false\u00bb _builder_version=\u00bb3.19.9&#8243;][et_pb_column type=\u00bb1_4&#8243; _builder_version=\u00bb3.19.9&#8243; parallax=\u00bboff\u00bb parallax_method=\u00bbon\u00bb][et_pb_image src=\u00bbhttps:\/\/www.jcbaglietto.com.ar\/wp-content\/uploads\/2019\/08\/Logo-Baglietto.png\u00bb align=\u00bbright\u00bb _builder_version=\u00bb3.19.9&#8243; max_width=\u00bb66%\u00bb module_alignment=\u00bbcenter\u00bb custom_margin_tablet=\u00bb24px||\u00bb custom_margin_last_edited=\u00bbon|phone\u00bb][\/et_pb_image][\/et_pb_column][et_pb_column type=\u00bb1_4&#8243; _builder_version=\u00bb3.19.9&#8243; parallax=\u00bboff\u00bb parallax_method=\u00bbon\u00bb][et_pb_text _builder_version=\u00bb3.19.9&#8243; custom_margin=\u00bb4px||\u00bb]<\/p>\n\n<ul class=\"sxc-follow-buttons\">\n<li class=\"sxc-follow-button\">\n                                    <a\n                                        href=\"https:\/\/www.facebook.com\/jcbaglietto\"\n                                        \n                                        title=\"Facebook\"\n                                        target=\"_blank\"\n                                    >\n                                        <img decoding=\"async\"\n                                            src=\"https:\/\/www.jcbaglietto.com.ar\/wp-content\/plugins\/social-media-buttons-toolbar\/inc\/img\/social-media-icons\/facebook.png\"\n                                            alt=\"Facebook\"\n                                        \/>\n                                    <\/a>\n                              <\/li>\n<li class=\"sxc-follow-button\">\n                                    <a\n                                        href=\"https:\/\/www.instagram.com\/bagliettojuanc\"\n                                        \n                                        title=\"Instagram\"\n                                        target=\"_blank\"\n                                    >\n                                        <img decoding=\"async\"\n                                            src=\"https:\/\/www.jcbaglietto.com.ar\/wp-content\/plugins\/social-media-buttons-toolbar\/inc\/img\/social-media-icons\/instagram.png\"\n                                            alt=\"Instagram\"\n                                        \/>\n                                    <\/a>\n                              <\/li>\n<li class=\"sxc-follow-button\">\n                                    <a\n                                        href=\"https:\/\/www.youtube.com\/channel\/UCxL9EvJJDVWC-zL0f9KZ__Q\"\n                                        \n                                        title=\"YouTube\"\n                                        target=\"_blank\"\n                                    >\n                                        <img decoding=\"async\"\n                                            src=\"https:\/\/www.jcbaglietto.com.ar\/wp-content\/plugins\/social-media-buttons-toolbar\/inc\/img\/social-media-icons\/youtube.png\"\n                                            alt=\"YouTube\"\n                                        \/>\n                                    <\/a>\n                              <\/li>\n<li class=\"sxc-follow-button\">\n                                    <a\n                                        href=\"https:\/\/open.spotify.com\/artist\/1Mt6JeVWV9Tvgk8ercp5O9\"\n                                        \n                                        title=\"Spotify\"\n                                        target=\"_blank\"\n                                    >\n                                        <img decoding=\"async\"\n                                            src=\"https:\/\/www.jcbaglietto.com.ar\/wp-content\/plugins\/social-media-buttons-toolbar\/inc\/img\/social-media-icons\/spotify.png\"\n                                            alt=\"Spotify\"\n                                        \/>\n                                    <\/a>\n                              <\/li>\n<\/ul>\n\n<p>[\/et_pb_text][\/et_pb_column][et_pb_column type=\u00bb1_4&#8243; _builder_version=\u00bb3.19.9&#8243; parallax=\u00bboff\u00bb parallax_method=\u00bbon\u00bb][et_pb_text _builder_version=\u00bb3.19.9&#8243; custom_margin_tablet=\u00bb23px||\u00bb custom_margin_last_edited=\u00bbon|tablet\u00bb]<\/p>\n<h4 style=\"text-align: center;\"><span style=\"font-size: small; color: #ffffff;\">Av. C\u00f3rdoba 6502 5\u00ba A<br \/>1427 \u2013 CABA<\/span><br \/><span style=\"font-size: small; color: #ffffff;\"> Buenos Aires \u2013 Argentina<\/span><br \/><span style=\"font-size: small; color: #ffffff;\"> +5411 4555.0672<br \/>+5411 4555.3384<\/span><\/h4>\n<p>[\/et_pb_text][\/et_pb_column][et_pb_column type=\u00bb1_4&#8243; _builder_version=\u00bb3.19.9&#8243; parallax=\u00bboff\u00bb parallax_method=\u00bbon\u00bb][et_pb_image src=\u00bbhttps:\/\/www.jcbaglietto.com.ar\/wp-content\/uploads\/2019\/08\/logokangu2018blanco.png\u00bb url=\u00bbhttp:\/\/www.kangu.com.ar\u00bb url_new_window=\u00bbon\u00bb align=\u00bbcenter\u00bb _builder_version=\u00bb3.19.9&#8243; max_width=\u00bb26%\u00bb custom_margin=\u00bb-9px||\u00bb custom_margin_tablet=\u00bb9px||\u00bb custom_margin_last_edited=\u00bbon|tablet\u00bb][\/et_pb_image][\/et_pb_column][\/et_pb_row][\/et_pb_section]<\/p>\n","protected":false},"excerpt":{"rendered":"<p>Juan2000 \u00abPostales del alma\u00bb del d\u00fao Baglietto &#8211; Vitale es distinguido con el premio Grammy Latino al Mejor \u00e1lbum de Tango, el premio lo entregan en septiembre en Los \u00c1ngeles, pero el d\u00fao no viaja a recibirlo ya que esa misma noche estaban partiendo hacia una nueva gira por el interior del pa\u00eds. Una semana [&hellip;]<\/p>\n","protected":false},"author":1,"featured_media":0,"parent":0,"menu_order":0,"comment_status":"closed","ping_status":"closed","template":"","meta":{"_et_pb_use_builder":"on","_et_pb_old_content":"","_et_gb_content_width":"","om_disable_all_campaigns":false,"_uf_show_specific_survey":0,"_uf_disable_surveys":false,"footnotes":""},"class_list":["post-1125","page","type-page","status-publish","hentry"],"aioseo_notices":[],"_links":{"self":[{"href":"https:\/\/www.jcbaglietto.com.ar\/index.php?rest_route=\/wp\/v2\/pages\/1125","targetHints":{"allow":["GET"]}}],"collection":[{"href":"https:\/\/www.jcbaglietto.com.ar\/index.php?rest_route=\/wp\/v2\/pages"}],"about":[{"href":"https:\/\/www.jcbaglietto.com.ar\/index.php?rest_route=\/wp\/v2\/types\/page"}],"author":[{"embeddable":true,"href":"https:\/\/www.jcbaglietto.com.ar\/index.php?rest_route=\/wp\/v2\/users\/1"}],"replies":[{"embeddable":true,"href":"https:\/\/www.jcbaglietto.com.ar\/index.php?rest_route=%2Fwp%2Fv2%2Fcomments&post=1125"}],"version-history":[{"count":33,"href":"https:\/\/www.jcbaglietto.com.ar\/index.php?rest_route=\/wp\/v2\/pages\/1125\/revisions"}],"predecessor-version":[{"id":1442,"href":"https:\/\/www.jcbaglietto.com.ar\/index.php?rest_route=\/wp\/v2\/pages\/1125\/revisions\/1442"}],"wp:attachment":[{"href":"https:\/\/www.jcbaglietto.com.ar\/index.php?rest_route=%2Fwp%2Fv2%2Fmedia&parent=1125"}],"curies":[{"name":"wp","href":"https:\/\/api.w.org\/{rel}","templated":true}]}}